{"id":1192,"date":"2023-02-16T18:44:10","date_gmt":"2023-02-16T17:44:10","guid":{"rendered":"https:\/\/europeix.cat\/nosaltres\/"},"modified":"2024-11-26T11:12:26","modified_gmt":"2024-11-26T10:12:26","slug":"nosotros","status":"publish","type":"page","link":"https:\/\/europeix.cat\/es\/nosotros\/","title":{"rendered":"Nosotros"},"content":{"rendered":"<\/p>\n<\/p>\n\n<style type=\"text\/css\" data-created_by=\"avia_inline_auto\" id=\"style-css-av-le7er8sw-0dec1c0d72ddecebaf1072abc811f33d\">\n#top .av-special-heading.av-le7er8sw-0dec1c0d72ddecebaf1072abc811f33d{\npadding-bottom:10px;\n}\nbody .av-special-heading.av-le7er8sw-0dec1c0d72ddecebaf1072abc811f33d .av-special-heading-tag .heading-char{\nfont-size:25px;\n}\n.av-special-heading.av-le7er8sw-0dec1c0d72ddecebaf1072abc811f33d .av-subheading{\nfont-size:15px;\n}\n<\/style>\n<div  class='av-special-heading av-le7er8sw-0dec1c0d72ddecebaf1072abc811f33d av-special-heading-h1  avia-builder-el-0  el_before_av_one_half  avia-builder-el-first '><h1 class='av-special-heading-tag'  itemprop=\"headline\"  >Nosotros<\/h1><div class=\"special-heading-border\"><div class=\"special-heading-inner-border\"><\/div><\/div><\/div>\n<div  class='flex_column av-1z9lce-dfae050541d1401657e12072743ea4ed av_one_half  avia-builder-el-1  el_after_av_heading  el_before_av_one_half  first flex_column_div  '     ><p><section  class='av_textblock_section av-le7et0bo-c766a3f3430cad877674c28a48900bf7 '   itemscope=\"itemscope\" itemtype=\"https:\/\/schema.org\/CreativeWork\" ><div class='avia_textblock'  itemprop=\"text\" ><p><strong>Europeix SA<\/strong> fue creada en 1984 cuando su fundador, Jaume Codina Sabat\u00e9 llevaba varios a\u00f1os desarrollando el comercio al por mayor del pescado fresco con un peque\u00f1o negocio familiar.<\/p>\n<p>Debido a la expansi\u00f3n de los \u00faltimos a\u00f1os, y debido al cambio generacional, la antigua sociedad Peixos Jaume SA fundada en 1983, fundadora de la actividad, se convirti\u00f3 en el actual Europeix SA, con el objetivo de seguir progresando , aprendiendo y adapt\u00e1ndonos a\u00a0 las necesidades y demandas del mercado moderno, ofreciendo siempre m\u00e1s calidad y mejor servicio.<\/p>\n<p>Nuestra organizaci\u00f3n est\u00e1 d\u00eda a d\u00eda y en directo,\u00a0 presente en todos los puertos del Mediterr\u00e1neo, Cant\u00e1brico y Atl\u00e1ntico, para as\u00ed obtener la informaci\u00f3n necesaria y ser competitivos en los mercados nacionales y Europeos.<\/p>\n<p>En la actualidad, Europeix, S.A. es una empresa de \u00e1mbito familiar ,\u00a0 los componentes son la cuarta de tradici\u00f3n pesquera. Nuestra meta es forjar un futuro, basado en la profunda devoci\u00f3n por nuestro trabajo, el cuidado y conocimiento del mar,\u00a0 el respeto y dedicaci\u00f3n al servicio de nuestros clientes.<\/p>\n<\/div><\/section><br \/>\n\n<style type=\"text\/css\" data-created_by=\"avia_inline_auto\" id=\"style-css-av-1p75i6-68e9d9906aa6e595452137be9ded883d\">\n#top .hr.hr-invisible.av-1p75i6-68e9d9906aa6e595452137be9ded883d{\nheight:30px;\n}\n<\/style>\n<div  class='hr av-1p75i6-68e9d9906aa6e595452137be9ded883d hr-invisible  avia-builder-el-3  el_after_av_textblock  el_before_av_button '><span class='hr-inner '><span class=\"hr-inner-style\"><\/span><\/span><\/div><br \/>\n<div  class='avia-button-wrap av-1lqa4u-9ab7d7d2fbeedfc7c2332800d5e9c4d1-wrap avia-button-center  avia-builder-el-4  el_after_av_hr  avia-builder-el-last '><a href='https:\/\/europeix.cat\/es\/contacto-y-localizacion\/'  class='avia-button av-1lqa4u-9ab7d7d2fbeedfc7c2332800d5e9c4d1 avia-icon_select-no avia-size-large avia-position-center avia-color-theme-color'  ><span class='avia_iconbox_title' >Contactar<\/span><\/a><\/div><\/p><\/div>\n<style type=\"text\/css\" data-created_by=\"avia_inline_auto\" id=\"style-css-av-1dw3ye-00bd2129291107ca63ac88ddde12c298\">\n.flex_column.av-1dw3ye-00bd2129291107ca63ac88ddde12c298{\n-webkit-border-radius:0px 0px 0px 0px;\n-moz-border-radius:0px 0px 0px 0px;\nborder-radius:0px 0px 0px 0px;\npadding:0px 0px 0px 0px;\n}\n<\/style>\n<div  class='flex_column av-1dw3ye-00bd2129291107ca63ac88ddde12c298 av_one_half  avia-builder-el-5  el_after_av_one_half  avia-builder-el-last  flex_column_div av-zero-column-padding  '     ><div  class='avia-slideshow av-le7f0vat-a608e2993e20ee3452b213fc33c745ec avia-slideshow-no scaling av_slideshow avia-fade-slider  avia-builder-el-6  avia-builder-el-no-sibling  av-slideshow-ui av-control-default av-slideshow-autoplay av-loop-endless av-loop-manual-endless av-default-height-applied avia-slideshow-1' data-slideshow-options=\"{&quot;animation&quot;:&quot;fade&quot;,&quot;autoplay&quot;:true,&quot;loop_autoplay&quot;:&quot;endless&quot;,&quot;interval&quot;:5,&quot;loop_manual&quot;:&quot;manual-endless&quot;,&quot;autoplay_stopper&quot;:false,&quot;noNavigation&quot;:false,&quot;bg_slider&quot;:false,&quot;keep_padding&quot;:false,&quot;hoverpause&quot;:false,&quot;show_slide_delay&quot;:0}\"  itemprop=\"image\" itemscope=\"itemscope\" itemtype=\"https:\/\/schema.org\/ImageObject\" ><ul class='avia-slideshow-inner ' style='padding-bottom: 64.5%;'><li  class='avia-slideshow-slide av-le7f0vat-a608e2993e20ee3452b213fc33c745ec__0  slide-1 slide-odd'><div data-rel='slideshow-1' class='avia-slide-wrap '   ><img decoding=\"async\" class=\"wp-image-772 avia-img-lazy-loading-not-772\"  src=\"https:\/\/europeix.cat\/wp-content\/uploads\/2023\/02\/europeix-13_2_11zon.jpg\" width=\"1600\" height=\"1032\" title='' alt=''  itemprop=\"thumbnailUrl\" srcset=\"https:\/\/europeix.cat\/wp-content\/uploads\/2023\/02\/europeix-13_2_11zon.jpg 1600w, https:\/\/europeix.cat\/wp-content\/uploads\/2023\/02\/europeix-13_2_11zon-300x194.jpg 300w, https:\/\/europeix.cat\/wp-content\/uploads\/2023\/02\/europeix-13_2_11zon-1030x664.jpg 1030w, https:\/\/europeix.cat\/wp-content\/uploads\/2023\/02\/europeix-13_2_11zon-768x495.jpg 768w, https:\/\/europeix.cat\/wp-content\/uploads\/2023\/02\/europeix-13_2_11zon-1536x991.jpg 1536w, https:\/\/europeix.cat\/wp-content\/uploads\/2023\/02\/europeix-13_2_11zon-1500x968.jpg 1500w, https:\/\/europeix.cat\/wp-content\/uploads\/2023\/02\/europeix-13_2_11zon-705x455.jpg 705w, https:\/\/europeix.cat\/wp-content\/uploads\/2023\/02\/europeix-13_2_11zon-450x290.jpg 450w, https:\/\/europeix.cat\/wp-content\/uploads\/2023\/02\/europeix-13_2_11zon-600x387.jpg 600w\" sizes=\"(max-width: 1600px) 100vw, 1600px\" \/><\/div><\/li><li  class='avia-slideshow-slide av-le7f0vat-a608e2993e20ee3452b213fc33c745ec__1  slide-2 slide-even'><div data-rel='slideshow-1' class='avia-slide-wrap '   ><img decoding=\"async\" class=\"wp-image-776 avia-img-lazy-loading-not-776\"  src=\"https:\/\/europeix.cat\/wp-content\/uploads\/2023\/02\/foto-nau-sostre-antic_3_11zon.jpg\" width=\"1600\" height=\"1136\" title='' alt=''  itemprop=\"thumbnailUrl\" srcset=\"https:\/\/europeix.cat\/wp-content\/uploads\/2023\/02\/foto-nau-sostre-antic_3_11zon.jpg 1600w, https:\/\/europeix.cat\/wp-content\/uploads\/2023\/02\/foto-nau-sostre-antic_3_11zon-300x213.jpg 300w, https:\/\/europeix.cat\/wp-content\/uploads\/2023\/02\/foto-nau-sostre-antic_3_11zon-1030x731.jpg 1030w, https:\/\/europeix.cat\/wp-content\/uploads\/2023\/02\/foto-nau-sostre-antic_3_11zon-768x545.jpg 768w, https:\/\/europeix.cat\/wp-content\/uploads\/2023\/02\/foto-nau-sostre-antic_3_11zon-1536x1091.jpg 1536w, https:\/\/europeix.cat\/wp-content\/uploads\/2023\/02\/foto-nau-sostre-antic_3_11zon-1500x1065.jpg 1500w, https:\/\/europeix.cat\/wp-content\/uploads\/2023\/02\/foto-nau-sostre-antic_3_11zon-260x185.jpg 260w, https:\/\/europeix.cat\/wp-content\/uploads\/2023\/02\/foto-nau-sostre-antic_3_11zon-705x501.jpg 705w, https:\/\/europeix.cat\/wp-content\/uploads\/2023\/02\/foto-nau-sostre-antic_3_11zon-450x320.jpg 450w, https:\/\/europeix.cat\/wp-content\/uploads\/2023\/02\/foto-nau-sostre-antic_3_11zon-600x426.jpg 600w\" sizes=\"(max-width: 1600px) 100vw, 1600px\" \/><\/div><\/li><li  class='avia-slideshow-slide av-le7f0vat-a608e2993e20ee3452b213fc33c745ec__2  slide-3 slide-odd'><div data-rel='slideshow-1' class='avia-slide-wrap '   ><img decoding=\"async\" class=\"wp-image-780 avia-img-lazy-loading-not-780\"  src=\"https:\/\/europeix.cat\/wp-content\/uploads\/2023\/02\/inaguracio-peixos-jaume-s-a-001_4_11zon.jpg\" width=\"1600\" height=\"1002\" title='' alt=''  itemprop=\"thumbnailUrl\" srcset=\"https:\/\/europeix.cat\/wp-content\/uploads\/2023\/02\/inaguracio-peixos-jaume-s-a-001_4_11zon.jpg 1600w, https:\/\/europeix.cat\/wp-content\/uploads\/2023\/02\/inaguracio-peixos-jaume-s-a-001_4_11zon-300x188.jpg 300w, https:\/\/europeix.cat\/wp-content\/uploads\/2023\/02\/inaguracio-peixos-jaume-s-a-001_4_11zon-1030x645.jpg 1030w, https:\/\/europeix.cat\/wp-content\/uploads\/2023\/02\/inaguracio-peixos-jaume-s-a-001_4_11zon-768x481.jpg 768w, https:\/\/europeix.cat\/wp-content\/uploads\/2023\/02\/inaguracio-peixos-jaume-s-a-001_4_11zon-1536x962.jpg 1536w, https:\/\/europeix.cat\/wp-content\/uploads\/2023\/02\/inaguracio-peixos-jaume-s-a-001_4_11zon-1500x939.jpg 1500w, https:\/\/europeix.cat\/wp-content\/uploads\/2023\/02\/inaguracio-peixos-jaume-s-a-001_4_11zon-705x442.jpg 705w, https:\/\/europeix.cat\/wp-content\/uploads\/2023\/02\/inaguracio-peixos-jaume-s-a-001_4_11zon-450x282.jpg 450w, https:\/\/europeix.cat\/wp-content\/uploads\/2023\/02\/inaguracio-peixos-jaume-s-a-001_4_11zon-600x376.jpg 600w\" sizes=\"(max-width: 1600px) 100vw, 1600px\" \/><\/div><\/li><li  class='avia-slideshow-slide av-le7f0vat-a608e2993e20ee3452b213fc33c745ec__3  slide-4 slide-even'><div data-rel='slideshow-1' class='avia-slide-wrap '   ><img decoding=\"async\" class=\"wp-image-784 avia-img-lazy-loading-not-784\"  src=\"https:\/\/europeix.cat\/wp-content\/uploads\/2023\/02\/inaguracio-peixos-jaume-s-a-003_5_11zon.jpg\" width=\"1373\" height=\"961\" title='' alt=''  itemprop=\"thumbnailUrl\" srcset=\"https:\/\/europeix.cat\/wp-content\/uploads\/2023\/02\/inaguracio-peixos-jaume-s-a-003_5_11zon.jpg 1373w, https:\/\/europeix.cat\/wp-content\/uploads\/2023\/02\/inaguracio-peixos-jaume-s-a-003_5_11zon-300x210.jpg 300w, https:\/\/europeix.cat\/wp-content\/uploads\/2023\/02\/inaguracio-peixos-jaume-s-a-003_5_11zon-1030x721.jpg 1030w, https:\/\/europeix.cat\/wp-content\/uploads\/2023\/02\/inaguracio-peixos-jaume-s-a-003_5_11zon-768x538.jpg 768w, https:\/\/europeix.cat\/wp-content\/uploads\/2023\/02\/inaguracio-peixos-jaume-s-a-003_5_11zon-705x493.jpg 705w, https:\/\/europeix.cat\/wp-content\/uploads\/2023\/02\/inaguracio-peixos-jaume-s-a-003_5_11zon-450x315.jpg 450w, https:\/\/europeix.cat\/wp-content\/uploads\/2023\/02\/inaguracio-peixos-jaume-s-a-003_5_11zon-600x420.jpg 600w\" sizes=\"(max-width: 1373px) 100vw, 1373px\" \/><\/div><\/li><li  class='avia-slideshow-slide av-le7f0vat-a608e2993e20ee3452b213fc33c745ec__4  slide-5 slide-odd'><div data-rel='slideshow-1' class='avia-slide-wrap '   ><img decoding=\"async\" class=\"wp-image-788 avia-img-lazy-loading-not-788\"  src=\"https:\/\/europeix.cat\/wp-content\/uploads\/2023\/02\/inaguracio-peixos-jaume-s-a-029_6_11zon.jpg\" width=\"1600\" height=\"1079\" title='' alt=''  itemprop=\"thumbnailUrl\" srcset=\"https:\/\/europeix.cat\/wp-content\/uploads\/2023\/02\/inaguracio-peixos-jaume-s-a-029_6_11zon.jpg 1600w, https:\/\/europeix.cat\/wp-content\/uploads\/2023\/02\/inaguracio-peixos-jaume-s-a-029_6_11zon-300x202.jpg 300w, https:\/\/europeix.cat\/wp-content\/uploads\/2023\/02\/inaguracio-peixos-jaume-s-a-029_6_11zon-1030x695.jpg 1030w, https:\/\/europeix.cat\/wp-content\/uploads\/2023\/02\/inaguracio-peixos-jaume-s-a-029_6_11zon-768x518.jpg 768w, https:\/\/europeix.cat\/wp-content\/uploads\/2023\/02\/inaguracio-peixos-jaume-s-a-029_6_11zon-1536x1036.jpg 1536w, https:\/\/europeix.cat\/wp-content\/uploads\/2023\/02\/inaguracio-peixos-jaume-s-a-029_6_11zon-1500x1012.jpg 1500w, https:\/\/europeix.cat\/wp-content\/uploads\/2023\/02\/inaguracio-peixos-jaume-s-a-029_6_11zon-705x475.jpg 705w, https:\/\/europeix.cat\/wp-content\/uploads\/2023\/02\/inaguracio-peixos-jaume-s-a-029_6_11zon-450x303.jpg 450w, https:\/\/europeix.cat\/wp-content\/uploads\/2023\/02\/inaguracio-peixos-jaume-s-a-029_6_11zon-600x405.jpg 600w\" sizes=\"(max-width: 1600px) 100vw, 1600px\" \/><\/div><\/li><li  class='avia-slideshow-slide av-le7f0vat-a608e2993e20ee3452b213fc33c745ec__5  slide-6 slide-even'><div data-rel='slideshow-1' class='avia-slide-wrap '   ><img decoding=\"async\" class=\"wp-image-792 avia-img-lazy-loading-not-792\"  src=\"https:\/\/europeix.cat\/wp-content\/uploads\/2023\/02\/inaguracio-peixos-jaume-s-a-069_7_11zon.jpg\" width=\"1226\" height=\"1600\" title='' alt=''  itemprop=\"thumbnailUrl\" srcset=\"https:\/\/europeix.cat\/wp-content\/uploads\/2023\/02\/inaguracio-peixos-jaume-s-a-069_7_11zon.jpg 1226w, https:\/\/europeix.cat\/wp-content\/uploads\/2023\/02\/inaguracio-peixos-jaume-s-a-069_7_11zon-230x300.jpg 230w, https:\/\/europeix.cat\/wp-content\/uploads\/2023\/02\/inaguracio-peixos-jaume-s-a-069_7_11zon-789x1030.jpg 789w, https:\/\/europeix.cat\/wp-content\/uploads\/2023\/02\/inaguracio-peixos-jaume-s-a-069_7_11zon-768x1002.jpg 768w, https:\/\/europeix.cat\/wp-content\/uploads\/2023\/02\/inaguracio-peixos-jaume-s-a-069_7_11zon-1177x1536.jpg 1177w, https:\/\/europeix.cat\/wp-content\/uploads\/2023\/02\/inaguracio-peixos-jaume-s-a-069_7_11zon-1149x1500.jpg 1149w, https:\/\/europeix.cat\/wp-content\/uploads\/2023\/02\/inaguracio-peixos-jaume-s-a-069_7_11zon-540x705.jpg 540w, https:\/\/europeix.cat\/wp-content\/uploads\/2023\/02\/inaguracio-peixos-jaume-s-a-069_7_11zon-450x587.jpg 450w, https:\/\/europeix.cat\/wp-content\/uploads\/2023\/02\/inaguracio-peixos-jaume-s-a-069_7_11zon-600x783.jpg 600w\" sizes=\"(max-width: 1226px) 100vw, 1226px\" \/><\/div><\/li><li  class='avia-slideshow-slide av-le7f0vat-a608e2993e20ee3452b213fc33c745ec__6  slide-7 slide-odd'><div data-rel='slideshow-1' class='avia-slide-wrap '   ><img decoding=\"async\" class=\"wp-image-796 avia-img-lazy-loading-not-796\"  src=\"https:\/\/europeix.cat\/wp-content\/uploads\/2023\/02\/p1020745_1_11zon.jpg\" width=\"1200\" height=\"1600\" title='' alt=''  itemprop=\"thumbnailUrl\" srcset=\"https:\/\/europeix.cat\/wp-content\/uploads\/2023\/02\/p1020745_1_11zon.jpg 1200w, https:\/\/europeix.cat\/wp-content\/uploads\/2023\/02\/p1020745_1_11zon-225x300.jpg 225w, https:\/\/europeix.cat\/wp-content\/uploads\/2023\/02\/p1020745_1_11zon-773x1030.jpg 773w, https:\/\/europeix.cat\/wp-content\/uploads\/2023\/02\/p1020745_1_11zon-768x1024.jpg 768w, https:\/\/europeix.cat\/wp-content\/uploads\/2023\/02\/p1020745_1_11zon-1152x1536.jpg 1152w, https:\/\/europeix.cat\/wp-content\/uploads\/2023\/02\/p1020745_1_11zon-1125x1500.jpg 1125w, https:\/\/europeix.cat\/wp-content\/uploads\/2023\/02\/p1020745_1_11zon-529x705.jpg 529w, https:\/\/europeix.cat\/wp-content\/uploads\/2023\/02\/p1020745_1_11zon-450x600.jpg 450w, https:\/\/europeix.cat\/wp-content\/uploads\/2023\/02\/p1020745_1_11zon-600x800.jpg 600w\" sizes=\"(max-width: 1200px) 100vw, 1200px\" \/><\/div><\/li><\/ul><div class='avia-slideshow-arrows avia-slideshow-controls' ><a href='#prev' class='prev-slide ' aria-hidden='true' data-av_icon='\ue87c' data-av_iconfont='entypo-fontello'  tabindex='-1'>Anterior<\/a><a href='#next' class='next-slide ' aria-hidden='true' data-av_icon='\ue87d' data-av_iconfont='entypo-fontello'  tabindex='-1'>Posterior<\/a><\/div><div class='avia-slideshow-dots avia-slideshow-controls'><a href='#1' class='goto-slide active' >1<\/a><a href='#2' class='goto-slide ' >2<\/a><a href='#3' class='goto-slide ' >3<\/a><a href='#4' class='goto-slide ' >4<\/a><a href='#5' class='goto-slide ' >5<\/a><a href='#6' class='goto-slide ' >6<\/a><a href='#7' class='goto-slide ' >7<\/a><\/div><\/div><\/div><\/p>\n","protected":false},"excerpt":{"rendered":"","protected":false},"author":1,"featured_media":0,"parent":0,"menu_order":100,"comment_status":"closed","ping_status":"closed","template":"","meta":[],"yoast_head":"<!-- This site is optimized with the Yoast SEO plugin v20.9 - https:\/\/yoast.com\/wordpress\/plugins\/seo\/ -->\n<title>Nosotros - EUROPEIX<\/title>\n<meta name=\"description\" content=\"Nosotros - Europeix SA fue creada en 1984 cuando su fundador, Jaume Codina Sabat\u00e9 llevaba varios a\u00f1os desarrollando el comercio al por mayor del pescado fresco con un peque\u00f1o negocio familiar.\" \/>\n<meta name=\"robots\" content=\"index, follow, max-snippet:-1, max-image-preview:large, max-video-preview:-1\" \/>\n<link rel=\"canonical\" href=\"https:\/\/europeix.cat\/es\/nosotros\/\" \/>\n<meta name=\"twitter:label1\" content=\"Tiempo de lectura\" \/>\n\t<meta name=\"twitter:data1\" content=\"4 minutos\" \/>\n<script type=\"application\/ld+json\" class=\"yoast-schema-graph\">{\"@context\":\"https:\/\/schema.org\",\"@graph\":[{\"@type\":\"WebPage\",\"@id\":\"https:\/\/europeix.cat\/es\/nosotros\/\",\"url\":\"https:\/\/europeix.cat\/es\/nosotros\/\",\"name\":\"Nosotros - EUROPEIX\",\"isPartOf\":{\"@id\":\"https:\/\/europeix.cat\/#website\"},\"datePublished\":\"2023-02-16T17:44:10+00:00\",\"dateModified\":\"2024-11-26T10:12:26+00:00\",\"description\":\"Nosotros - Europeix SA fue creada en 1984 cuando su fundador, Jaume Codina Sabat\u00e9 llevaba varios a\u00f1os desarrollando el comercio al por mayor del pescado fresco con un peque\u00f1o negocio familiar.\",\"breadcrumb\":{\"@id\":\"https:\/\/europeix.cat\/es\/nosotros\/#breadcrumb\"},\"inLanguage\":\"es\",\"potentialAction\":[{\"@type\":\"ReadAction\",\"target\":[\"https:\/\/europeix.cat\/es\/nosotros\/\"]}]},{\"@type\":\"BreadcrumbList\",\"@id\":\"https:\/\/europeix.cat\/es\/nosotros\/#breadcrumb\",\"itemListElement\":[{\"@type\":\"ListItem\",\"position\":1,\"name\":\"Portada\",\"item\":\"https:\/\/europeix.cat\/es\/inicio\/\"},{\"@type\":\"ListItem\",\"position\":2,\"name\":\"Nosotros\"}]},{\"@type\":\"WebSite\",\"@id\":\"https:\/\/europeix.cat\/#website\",\"url\":\"https:\/\/europeix.cat\/\",\"name\":\"EUROPEIX\",\"description\":\"EUROPEIX\",\"potentialAction\":[{\"@type\":\"SearchAction\",\"target\":{\"@type\":\"EntryPoint\",\"urlTemplate\":\"https:\/\/europeix.cat\/?s={search_term_string}\"},\"query-input\":\"required name=search_term_string\"}],\"inLanguage\":\"es\"}]}<\/script>\n<!-- \/ Yoast SEO plugin. -->","yoast_head_json":{"title":"Nosotros - EUROPEIX","description":"Nosotros - Europeix SA fue creada en 1984 cuando su fundador, Jaume Codina Sabat\u00e9 llevaba varios a\u00f1os desarrollando el comercio al por mayor del pescado fresco con un peque\u00f1o negocio familiar.","robots":{"index":"index","follow":"follow","max-snippet":"max-snippet:-1","max-image-preview":"max-image-preview:large","max-video-preview":"max-video-preview:-1"},"canonical":"https:\/\/europeix.cat\/es\/nosotros\/","twitter_misc":{"Tiempo de lectura":"4 minutos"},"schema":{"@context":"https:\/\/schema.org","@graph":[{"@type":"WebPage","@id":"https:\/\/europeix.cat\/es\/nosotros\/","url":"https:\/\/europeix.cat\/es\/nosotros\/","name":"Nosotros - EUROPEIX","isPartOf":{"@id":"https:\/\/europeix.cat\/#website"},"datePublished":"2023-02-16T17:44:10+00:00","dateModified":"2024-11-26T10:12:26+00:00","description":"Nosotros - Europeix SA fue creada en 1984 cuando su fundador, Jaume Codina Sabat\u00e9 llevaba varios a\u00f1os desarrollando el comercio al por mayor del pescado fresco con un peque\u00f1o negocio familiar.","breadcrumb":{"@id":"https:\/\/europeix.cat\/es\/nosotros\/#breadcrumb"},"inLanguage":"es","potentialAction":[{"@type":"ReadAction","target":["https:\/\/europeix.cat\/es\/nosotros\/"]}]},{"@type":"BreadcrumbList","@id":"https:\/\/europeix.cat\/es\/nosotros\/#breadcrumb","itemListElement":[{"@type":"ListItem","position":1,"name":"Portada","item":"https:\/\/europeix.cat\/es\/inicio\/"},{"@type":"ListItem","position":2,"name":"Nosotros"}]},{"@type":"WebSite","@id":"https:\/\/europeix.cat\/#website","url":"https:\/\/europeix.cat\/","name":"EUROPEIX","description":"EUROPEIX","potentialAction":[{"@type":"SearchAction","target":{"@type":"EntryPoint","urlTemplate":"https:\/\/europeix.cat\/?s={search_term_string}"},"query-input":"required name=search_term_string"}],"inLanguage":"es"}]}},"_links":{"self":[{"href":"https:\/\/europeix.cat\/es\/wp-json\/wp\/v2\/pages\/1192"}],"collection":[{"href":"https:\/\/europeix.cat\/es\/wp-json\/wp\/v2\/pages"}],"about":[{"href":"https:\/\/europeix.cat\/es\/wp-json\/wp\/v2\/types\/page"}],"author":[{"embeddable":true,"href":"https:\/\/europeix.cat\/es\/wp-json\/wp\/v2\/users\/1"}],"replies":[{"embeddable":true,"href":"https:\/\/europeix.cat\/es\/wp-json\/wp\/v2\/comments?post=1192"}],"version-history":[{"count":10,"href":"https:\/\/europeix.cat\/es\/wp-json\/wp\/v2\/pages\/1192\/revisions"}],"predecessor-version":[{"id":3733,"href":"https:\/\/europeix.cat\/es\/wp-json\/wp\/v2\/pages\/1192\/revisions\/3733"}],"wp:attachment":[{"href":"https:\/\/europeix.cat\/es\/wp-json\/wp\/v2\/media?parent=1192"}],"curies":[{"name":"wp","href":"https:\/\/api.w.org\/{rel}","templated":true}]}}